{"id":75,"date":"2019-05-25T19:15:28","date_gmt":"2019-05-25T17:15:28","guid":{"rendered":"http:\/\/scn-rando.fr\/?page_id=75"},"modified":"2021-06-04T20:40:51","modified_gmt":"2021-06-04T18:40:51","slug":"randonnee","status":"publish","type":"page","link":"http:\/\/scn-rando.fr\/index.php\/randonnee\/","title":{"rendered":"Randonn\u00e9e"},"content":{"rendered":"<p>Vous qui aimez la randonn\u00e9e, la faune, la flore, les sites culturels, la nature, nous vous invitons \u00e0 franchir le pas de l\u2019aventure et de la d\u00e9couverte sur nos beaux sentiers du Tarn-et-Garonne et des d\u00e9partements limitrophes, au sein d\u2019un groupe de randonneurs chaleureux, et dans le respect de l\u2019environnement.<br \/>\nNos randonneurs b\u00e9n\u00e9voles sont pr\u00e9sents sur les chemins, tout au long de l\u2019ann\u00e9e, et seront heureux de partager avec vous, leurs savoir-faire et leur savoir-\u00eatre.<br \/>\nLes randonn\u00e9es auront lieu tous les Mercredis du mois, sauf intemp\u00e9ries ou temp\u00e9ratures exceptionnelles.<\/p>\n<p><strong>L&rsquo;association vous propose tout au long de l&rsquo;ann\u00e9e<\/strong>, except\u00e9 pendant le mois d&rsquo;ao\u00fbt\u00a0 (pause estivale)<\/p>\n<p>1 &#8211;\u00a0\u00a0\u00a0\u00a0\u00a0\u00a0 Des grandes randonn\u00e9es (entre 15 et 20 kms) avec possibilit\u00e9 de pique-nique ===&gt; les <strong>1er<\/strong>,\u00a0 <strong>3\u00e8me<\/strong> et\u00a0 <strong>5\u00e8me<\/strong> jeudi de chaque mois.<\/p>\n<p>2 &#8211;\u00a0\u00a0\u00a0\u00a0\u00a0 Des moyennes randonn\u00e9es (entre 08 et 12 Kms) ===&gt; les <strong>2\u00e8me<\/strong> et\u00a0 <strong>4\u00e8me<\/strong> jeudi de\u00a0 chaque mois. A titre subsidiaire, pour ceux qui ne souhaitent pas ou qui ne peuvent pas participer aux grandes randonn\u00e9es, il sera organis\u00e9 parall\u00e8lement une petite randonn\u00e9e (entre 08 et 10 Kms)<\/p>\n<p>3 &#8211;\u00a0\u00a0\u00a0\u00a0\u00a0 Des parcours de sant\u00e9 appel\u00e9s \u00ab Les chemins du mardi \u00bb (entre 06 \u00e0 07 Kms), tous les mardis<\/p>\n<p>4 &#8211;\u00a0\u00a0\u00a0\u00a0\u00a0 Des participations aux manifestations humanitaires ou caritatives en partenariat avec le tissus associatif local et les collectivit\u00e9s territoriales.<\/p>\n<p><strong>Randonneurs \u00e0 l\u2019essai\u00a0:<\/strong><br \/>\nAvant d\u2019adh\u00e9rer \u00e0 l\u2019Association, toute personne peut participer \u00e0 2 sorties d\u2019essai, libres et gratuites. N\u00e9anmoins, au-del\u00e0 de ces 2 randonn\u00e9es l\u2019adh\u00e9sion \u00e0 la SCN-RANDO est obligatoire.<br \/>\nEn ce qui concerne les randonneurs non-adh\u00e9rents qui n\u2019ont pas vocation \u00e0 randonner r\u00e9guli\u00e8rement au sein de notre association, et donc de prendre leur licence, ils peuvent \u00eatre accueillis ponctuellement, moyennant une contribution de 3\u20ac \u00e0 remettre \u00e0 l\u2019animateur ou au pr\u00e9sident. Cette participation doit rester exceptionnelle.<br \/>\nLe randonneur \u00e0 l\u2019essai n\u2019est pas assur\u00e9 par l\u2019association et doit poss\u00e9der sa propre assurance \u00ab\u00a0responsabilit\u00e9 civile\u00a0\u00bb<br \/>\nPour participer, il suffit de contacter l\u2019animateur ou le pr\u00e9sident au point de covoiturage \u00e0 N\u00e8grepelisse (voir la rubrique Transport) avant le d\u00e9part.<\/p>\n<p><strong>Au cours du mois de juin<\/strong>, une sortie annuelle, avec participation financi\u00e8re, ouverte \u00e0 tous les membres de l\u2019association \u00e0 jour de cotisation, est organis\u00e9e par l\u2019association.<\/p>\n<p><strong>Des sorties de week-end<\/strong>, toujours avec participation, pourront \u00eatre propos\u00e9es pour la d\u00e9couverte de lieux et de circuits pittoresques et touristiques.<\/p>\n<p>Les s\u00e9jours et sorties ext\u00e9rieures sont soumis \u00e0 inscription et ont un nombre limit\u00e9 de participants. L&rsquo;ordre d&rsquo;inscription pr\u00e9vaudra pour clore les inscriptions en cas de demandes sup\u00e9rieures aux capacit\u00e9s d\u2019accueil.<\/p>\n","protected":false},"excerpt":{"rendered":"<p>Vous qui aimez la randonn\u00e9e, la faune, la flore, les sites culturels, la nature, nous vous invitons \u00e0 franchir le pas de l\u2019aventure et de la d\u00e9couverte sur nos beaux sentiers du Tarn-et-Garonne et des d\u00e9partements limitrophes, au sein d\u2019un groupe de randonneurs chaleureux, et dans le respect de l\u2019environnement. Nos randonneurs b\u00e9n\u00e9voles sont pr\u00e9sents &hellip; <a href=\"http:\/\/scn-rando.fr\/index.php\/randonnee\/\" class=\"more-link\">Continuer la lecture de <span class=\"screen-reader-text\">Randonn\u00e9e<\/span>  <span class=\"meta-nav\">&rarr;<\/span><\/a><\/p>\n","protected":false},"author":1,"featured_media":0,"parent":0,"menu_order":0,"comment_status":"closed","ping_status":"closed","template":"","meta":{"ngg_post_thumbnail":0,"footnotes":""},"class_list":["post-75","page","type-page","status-publish","hentry"],"jetpack_sharing_enabled":true,"_links":{"self":[{"href":"http:\/\/scn-rando.fr\/index.php\/wp-json\/wp\/v2\/pages\/75"}],"collection":[{"href":"http:\/\/scn-rando.fr\/index.php\/wp-json\/wp\/v2\/pages"}],"about":[{"href":"http:\/\/scn-rando.fr\/index.php\/wp-json\/wp\/v2\/types\/page"}],"author":[{"embeddable":true,"href":"http:\/\/scn-rando.fr\/index.php\/wp-json\/wp\/v2\/users\/1"}],"replies":[{"embeddable":true,"href":"http:\/\/scn-rando.fr\/index.php\/wp-json\/wp\/v2\/comments?post=75"}],"version-history":[{"count":13,"href":"http:\/\/scn-rando.fr\/index.php\/wp-json\/wp\/v2\/pages\/75\/revisions"}],"predecessor-version":[{"id":1863,"href":"http:\/\/scn-rando.fr\/index.php\/wp-json\/wp\/v2\/pages\/75\/revisions\/1863"}],"wp:attachment":[{"href":"http:\/\/scn-rando.fr\/index.php\/wp-json\/wp\/v2\/media?parent=75"}],"curies":[{"name":"wp","href":"https:\/\/api.w.org\/{rel}","templated":true}]}}